{"id":2194,"date":"2022-11-29T22:55:41","date_gmt":"2022-11-29T22:55:41","guid":{"rendered":"https:\/\/digmit.at\/?page_id=2194"},"modified":"2023-09-04T09:27:42","modified_gmt":"2023-09-04T09:27:42","slug":"ich-habe-im-ausland-gearbeitet","status":"publish","type":"page","link":"https:\/\/digmit.at\/index.php\/ich-habe-im-ausland-gearbeitet\/","title":{"rendered":"<a>Ich habe im Ausland gearbeitet.<\/a>"},"content":{"rendered":"\n<hr class=\"wp-block-separator has-alpha-channel-opacity\"\/>\n\n\n\n<p>Ich kann in \u00d6sterreich <strong>in Pension<\/strong> gehen, wenn ich <strong>mindestens 180 Versicherungsmonate<\/strong> (= <strong>15 Jahre<\/strong>) habe. <br>Von diesen 180 Monaten muss ich <strong>84 Monate<\/strong> (= <strong>7 Jahre<\/strong>) <strong>versichert gearbeitet<\/strong> haben (= \u00fcber der Geringf\u00fcgigkeitsgrenze).<\/p>\n\n\n\n<p>Wenn ich <strong>im Ausland gearbeitet<\/strong> habe, kann ich mir diese <strong>Arbeitszeiten<\/strong> \/<strong> Versicherungszeiten<\/strong> f\u00fcr meine Pension <strong>in \u00d6sterreich anrechnen<\/strong> lassen.<br>Die Arbeitszeiten im Ausland werden mitgerechnet, um zu schauen, ob ich <strong>genug Versicherungsjahre f\u00fcr eine Pension in \u00d6sterreich<\/strong> habe. <\/p>\n\n\n\n<p><strong>Wenn<\/strong> ich <strong>nicht genug \u00f6sterreichische Versicherungsmonate<\/strong> habe, werden meine <strong>Arbeitszeiten aus diesen Staaten dazugez\u00e4hlt<\/strong>:<\/p>\n\n\n\n<ul class=\"wp-block-list\">\n<li>EU-Mitgliedstaaten<\/li>\n\n\n\n<li>EWR-Staaten (Norwegen, Island, Liechtenstein) und Schweiz <\/li>\n\n\n\n<li>Staaten, die mit \u00d6sterreich ein Abkommen haben: <br>Albanien, Australien, Bosnien-Herzegowina, Chile, Indien, Israel, Kanada, Moldau, Montenegro, Nordmazedonien, Philippinen, Republik Korea (S\u00fcdkorea), Serbien, Tunesien, T\u00fcrkei, Uruguay, USA<\/li>\n\n\n\n<li>Gro\u00dfbritannien<\/li>\n<\/ul>\n\n\n\n<p><br>Die <strong>Erfassung meiner Arbeitszeiten im Ausland<\/strong> kann ich bei der <a href=\"https:\/\/www.pv.at\/cdscontent\/?contentid=10007.707551&amp;portal=pvaportal\"><strong>Pensionsversicherungsanstalt<\/strong><\/a> beantragen. Das sollte ich einige Zeit vor dem geplanten Pensionsantritt tun, weil das <strong>l\u00e4ngere Zeit dauern kann<\/strong>. <\/p>\n\n\n\n<p><br><strong>Wie hoch<\/strong> meine <strong>\u00f6sterreichische Pension<\/strong> ist, h\u00e4ngt von meinen <strong>\u00f6sterreichischen Versicherungszeiten<\/strong> ab.<br>F\u00fcr die H\u00f6he der \u00f6sterreichischen Pension z\u00e4hlen also <strong>nur<\/strong> meine <strong>Arbeitszeiten in \u00d6sterreich<\/strong>; <strong>Versicherungszeiten im Ausland<\/strong> werden <strong>nicht mitgerechnet<\/strong>.<\/p>\n\n\n\n<p>Wenn ich <strong>im Ausland gearbeitet<\/strong> habe, habe ich eventuell Anspruch auf <strong>Pension in dem Staat, in dem ich gearbeitet<\/strong> habe. <br>In welchem Alter ich in Pension gehen kann und wie viel Versicherungszeiten ich brauche, h\u00e4ngt vom Pensionssystem des jeweiligen Staates ab. <br><br><\/p>\n\n\n\n<figure class=\"wp-block-embed is-type-video is-provider-youtube wp-block-embed-youtube wp-embed-aspect-16-9 wp-has-aspect-ratio\"><div class=\"wp-block-embed__wrapper\">\n<iframe loading=\"lazy\" title=\"Versicherungszeiten im In- und Ausland\" width=\"500\" height=\"281\" src=\"https:\/\/www.youtube.com\/embed\/X1mzPwRnLV4?list=PLktLirIUW9qxmekNW_GJrVZRcsaN5YfIe\" frameborder=\"0\" allow=\"accelerometer; autoplay; clipboard-write; encrypted-media; gyroscope; picture-in-picture; web-share\" referrerpolicy=\"strict-origin-when-cross-origin\" allowfullscreen><\/iframe>\n<\/div><figcaption class=\"wp-element-caption\"><a href=\"https:\/\/www.youtube.com\/watch?v=X1mzPwRnLV4&amp;list=PLktLirIUW9qxmekNW_GJrVZRcsaN5YfIe&amp;index=10\">Versicherungszeiten im In- und Ausland (AK)<\/a><\/figcaption><\/figure>\n\n\n\n<p><br>Wenn ich Fragen zum \u00f6sterreichischen und internationalen Pensionsrecht habe, kann ich mich bei den \u201e<strong>Internationale<\/strong>n <strong>Sprechtage<\/strong>n\u201c informieren.<br>Hier bekomme ich Informationen zu den Pensionssystemen in Deutschland, Italien, Kroatien, Liechtenstein, Schweiz, Serbien, Slowakei, Slowenien, Tschechien, Ungarn und \u00d6sterreich.<\/p>\n\n\n\n<p>Termine und Orte: <br><a href=\"https:\/\/www.pv.at\/cdscontent\/load?contentid=10008.741890&amp;version=1649920560\">Internationale Beratungstage in \u00d6sterreich 2023\u00a0(PV)<\/a><br><a href=\"https:\/\/www.pv.at\/cdscontent\/load?contentid=10008.753724&amp;version=1660208899\">\u00d6sterreichische Sprechtage im Ausland 2023\u00a0(PV)<\/a><\/p>\n\n\n\n<p><br><\/p>\n\n\n\n<div class=\"wp-block-group\"><div class=\"wp-block-group__inner-container is-layout-constrained wp-block-group-is-layout-constrained\">\n<h2 class=\"wp-block-heading\">weitere Informationen<\/h2>\n\n\n\n<ul class=\"wp-block-list\">\n<li><a href=\"https:\/\/www.arbeiterkammer.at\/beratung\/arbeitundrecht\/pension\/pensionshoehe\/Anrechnung_von_Auslands-Arbeitszeiten.html\">Anrechnung von Auslands-Arbeitszeiten (AK)<\/a><\/li>\n\n\n\n<li><a href=\"https:\/\/www.oesterreich.gv.at\/themen\/arbeit_und_pension\/pension\/Seite.270218.html\">Pensionsanspr\u00fcche in mehreren Staaten (oesterreich.gv.at)<\/a><\/li>\n\n\n\n<li><a href=\"https:\/\/www.pv.at\/cdscontent\/?contentid=10007.756885&amp;viewmode=content\">Internationale Sprechtage (PV)<\/a><\/li>\n\n\n\n<li><a href=\"https:\/\/www.svs.at\/cdscontent\/?contentid=10007.816537\">Versicherungszeiten im In- und Ausland (SVS)<\/a><\/li>\n<\/ul>\n<\/div><\/div>\n","protected":false},"excerpt":{"rendered":"<p>Ich kann in \u00d6sterreich in Pension gehen, wenn ich mindestens 180 Versicherungsmonate (= 15 Jahre) habe. Von diesen 180 Monaten muss ich 84 Monate (= 7 Jahre) versichert gearbeitet haben (= \u00fcber der Geringf\u00fcgigkeitsgrenze). Wenn ich im Ausland gearbeitet habe, kann ich mir diese Arbeitszeiten \/ Versicherungszeiten f\u00fcr meine Pension in \u00d6sterreich anrechnen lassen.Die Arbeitszeiten [&hellip;]<\/p>\n","protected":false},"author":2,"featured_media":0,"parent":0,"menu_order":0,"comment_status":"closed","ping_status":"closed","template":"","meta":{"footnotes":""},"class_list":["post-2194","page","type-page","status-publish","hentry"],"_links":{"self":[{"href":"https:\/\/digmit.at\/index.php\/wp-json\/wp\/v2\/pages\/2194","targetHints":{"allow":["GET"]}}],"collection":[{"href":"https:\/\/digmit.at\/index.php\/wp-json\/wp\/v2\/pages"}],"about":[{"href":"https:\/\/digmit.at\/index.php\/wp-json\/wp\/v2\/types\/page"}],"author":[{"embeddable":true,"href":"https:\/\/digmit.at\/index.php\/wp-json\/wp\/v2\/users\/2"}],"replies":[{"embeddable":true,"href":"https:\/\/digmit.at\/index.php\/wp-json\/wp\/v2\/comments?post=2194"}],"version-history":[{"count":10,"href":"https:\/\/digmit.at\/index.php\/wp-json\/wp\/v2\/pages\/2194\/revisions"}],"predecessor-version":[{"id":2728,"href":"https:\/\/digmit.at\/index.php\/wp-json\/wp\/v2\/pages\/2194\/revisions\/2728"}],"wp:attachment":[{"href":"https:\/\/digmit.at\/index.php\/wp-json\/wp\/v2\/media?parent=2194"}],"curies":[{"name":"wp","href":"https:\/\/api.w.org\/{rel}","templated":true}]}}