{"id":4231,"date":"2023-11-21T21:32:11","date_gmt":"2023-11-21T21:32:11","guid":{"rendered":"https:\/\/digmit.at\/?page_id=4231"},"modified":"2024-01-01T14:05:00","modified_gmt":"2024-01-01T14:05:00","slug":"meine-arbeitgeberin-will-mich-kundigen-entlassen","status":"publish","type":"page","link":"https:\/\/digmit.at\/index.php\/meine-arbeitgeberin-will-mich-kundigen-entlassen\/","title":{"rendered":"Mein*e Arbeitgeber*in will mich k\u00fcndigen \/ entlassen."},"content":{"rendered":"\n<p>Wenn mein Job zeitlich <strong>befristet<\/strong> ist, darf ich erst gehen, <strong>wenn der Vertrag ausl\u00e4uft<\/strong>.<br>Wenn mein*e Arbeitgeber*in mich schon fr\u00fcher entlassen will, braucht er*sie einen Grund.&nbsp;<\/p>\n\n\n\n<p>Wenn <a href=\"https:\/\/www.arbeiterkammer.at\/beratung\/arbeitundrecht\/beendigung\/Arbeitgeber-Kuendigung.html\"><strong>mein*e Arbeitgeber*in mich k\u00fcndigen will<\/strong><\/a> und ich <strong>unbefristet<\/strong> angestellt bin, muss er*sie die <strong>K\u00fcndigungsfrist<\/strong> einhalten.<br>Wie lang die K\u00fcndigungsfrist ist, steht in meinem Arbeitsvertrag oder im Kollektivvertrag.<\/p>\n\n\n\n<p><br>Eine K\u00fcndigung kann <strong>schriftlich oder m\u00fcndlich<\/strong> sein.<br>Wenn ich nur m\u00fcndlich gek\u00fcndigt werde, sollte ich aufschreiben, wann und durch wen die K\u00fcndigung ausgesprochen wurde und wann der K\u00fcndigungstermin ist.<\/p>\n\n\n\n<p><br>Mein*e Arbeitgeber*in kann mich auch k\u00fcndigen, w\u00e4hrend ich <strong>im Krankenstand<\/strong> bin.<\/p>\n\n\n\n<p><br>Mein*e Arbeitgeber*in kann mich auch vom Dienst freistellen (= <strong>Dienstfreistellung<\/strong>).<br>Das bedeutet, dass ich in dieser Zeit nicht arbeiten muss, aber mein volles Entgelt bekomme.<br>Ich muss nicht zustimmen, w\u00e4hrend der Dienstfreistellung meinen Urlaub zu verbrauchen.<\/p>\n\n\n\n<p><br>Ich kann meine <strong>K\u00fcndigung<\/strong> auch <strong>anfechten<\/strong>.&nbsp;<br>Wenn ich glaube, dass meine K\u00fcndigung <strong>ungerechtfertigt<\/strong> ist, kann ich mich an meinen <a href=\"https:\/\/www.arbeiterkammer.at\/service\/betriebsrat\/rechteundpflichtendesbetriebsrates\/Aufgaben_des_Betriebsrates.html\"><strong>Betriebsrat<\/strong><\/a>, die <a href=\"https:\/\/www.arbeiterkammer.at\/index.html\"><strong>Arbeiterkammer<\/strong><\/a> oder die <a href=\"https:\/\/www.oegb.at\/gewerkschaften\"><strong>Gewerkschaft<\/strong><\/a> wenden und mich beraten lassen.<br>Ist eine <a href=\"https:\/\/digmit.at\/index.php\/startseite\/diskriminierung\/bei-der-kundigung-entlassung-ist-diskriminierung-verboten\/\">K\u00fcndigung <strong>diskriminierend<\/strong><\/a>, kann ich diese anfechten.<br>ACHTUNG<br>Fristen!<\/p>\n\n\n\n<p><br>Ich kann mit meiner*m Arbeitgeber*in eine <a href=\"https:\/\/www.arbeiterkammer.at\/beratung\/arbeitundrecht\/beendigung\/Einvernehmliche_Aufloesung.html\"><strong>einvernehmliche Aufl\u00f6sung<\/strong><\/a> des Dienstverh\u00e4ltnisses vereinbaren.<br>Das bedeutet, dass ich mich mit meinem*r Arbeitgeber*in darauf einige, das Arbeitsverh\u00e4ltnis zu beenden.<br>Eine einvernehmliche Aufl\u00f6sung ist jederzeit m\u00f6glich, und es gibt keine K\u00fcndigungsfristen.<\/p>\n\n\n\n<p><br>Mein*e Arbeitgeber*in kann mich auch <strong>entlassen<\/strong> (\u201e<strong>fristlose <\/strong><a href=\"https:\/\/www.arbeiterkammer.at\/beratung\/arbeitundrecht\/beendigung\/Entlassung.html\"><strong>Entlassung<\/strong><\/a>\u201c). <br>Eine <strong>Entlassung beendigt meinen Job sofort<\/strong>. Es gibt <strong>keine Fristen<\/strong>.<br>F\u00fcr eine fristlose Entlassung muss mein*e Arbeitgeber*in aber <strong>schwerwiegende Gr\u00fcnde<\/strong> haben. Ein solcher Grund ist zum Beispiel, dass ich meine Arbeit nicht machen will.&nbsp;<\/p>\n\n\n\n<p>Wenn ich <strong>ohne Grund fristlos entlassen<\/strong> werde, kann ich zu meinem <a href=\"https:\/\/www.arbeiterkammer.at\/service\/betriebsrat\/rechteundpflichtendesbetriebsrates\/Aufgaben_des_Betriebsrates.html\"><strong>Betriebsrat<\/strong><\/a>, zur <a href=\"https:\/\/www.arbeiterkammer.at\/index.html\"><strong>Arbeiterkammer<\/strong><\/a> oder zur <a href=\"https:\/\/www.oegb.at\/gewerkschaften\"><strong>Gewerkschaft<\/strong><\/a> gehen.<br>Ich kann <strong>klagen<\/strong>.<br>ACHTUNG<br>Sehr kurze Fristen! Ich sollte mich so sofort bei der Arbeiterkammer oder bei der Gewerkschaft melden.<br>Wenn ich die Klage gewinne, bekomme ich eine Entsch\u00e4digung.<br><\/p>\n\n\n\n<p>ACHTUNG<br>Wenn ich fristlos entlassen werde, bekomme ich <strong>4 Wochen kein <a href=\"https:\/\/digmit.at\/index.php\/startseite\/zeit-geld\/arbeitslosengeld-notstand\/arbeitslosengeld\/\" data-type=\"page\" data-id=\"402\">Arbeitslosengeld<\/a><\/strong>.<\/p>\n\n\n\n<p><br>In der <strong>Probezeit<\/strong> kann mein*e Arbeitgeber*in jederzeit das Arbeitsverh\u00e4ltnis beenden. Er*sie muss <strong>keine Fristen<\/strong> und Termine einhalten und auch <strong>keinen Grund<\/strong> angeben.<br>ACHTUNG<br>Ist eine Beendigung <a href=\"https:\/\/digmit.at\/index.php\/startseite\/diskriminierung\/bei-der-kundigung-entlassung-ist-diskriminierung-verboten\/\"><strong>diskriminierend<\/strong><\/a>, kann ich klagen.<br><br><\/p>\n\n\n\n<h2 class=\"wp-block-heading\"><strong>weitere Informationen<\/strong><\/h2>\n\n\n\n<ul class=\"wp-block-list\">\n<li><a href=\"https:\/\/www.arbeiterkammer.at\/beratung\/arbeitundrecht\/beendigung\/Arbeitgeber-Kuendigung.html\">K\u00fcndigung durch den Arbeitgeber (AK)<\/a><\/li>\n\n\n\n<li><a href=\"https:\/\/www.arbeiterkammer.at\/beratung\/arbeitundrecht\/beendigung\/Entlassung.html\">Entlassung (AK)<\/a><\/li>\n\n\n\n<li>Video: <a href=\"https:\/\/www.youtube.com\/watch?v=wVUs5GidwxE\">Fristlos entlassen! Und jetzt? (AK)<\/a><\/li>\n\n\n\n<li><a href=\"https:\/\/www.arbeiterkammer.at\/beratung\/arbeitundrecht\/Arbeitsvertraege\/Ihre_Rechte_in_der_Probezeit.html\">Probezeit \u2013 Ihre Rechte (AK)<\/a><\/li>\n<\/ul>\n","protected":false},"excerpt":{"rendered":"<p>Wenn mein Job zeitlich befristet ist, darf ich erst gehen, wenn der Vertrag ausl\u00e4uft.Wenn mein*e Arbeitgeber*in mich schon fr\u00fcher entlassen will, braucht er*sie einen Grund.&nbsp; Wenn mein*e Arbeitgeber*in mich k\u00fcndigen will und ich unbefristet angestellt bin, muss er*sie die K\u00fcndigungsfrist einhalten.Wie lang die K\u00fcndigungsfrist ist, steht in meinem Arbeitsvertrag oder im Kollektivvertrag. Eine K\u00fcndigung kann [&hellip;]<\/p>\n","protected":false},"author":2,"featured_media":0,"parent":0,"menu_order":0,"comment_status":"closed","ping_status":"closed","template":"","meta":{"footnotes":""},"class_list":["post-4231","page","type-page","status-publish","hentry"],"_links":{"self":[{"href":"https:\/\/digmit.at\/index.php\/wp-json\/wp\/v2\/pages\/4231","targetHints":{"allow":["GET"]}}],"collection":[{"href":"https:\/\/digmit.at\/index.php\/wp-json\/wp\/v2\/pages"}],"about":[{"href":"https:\/\/digmit.at\/index.php\/wp-json\/wp\/v2\/types\/page"}],"author":[{"embeddable":true,"href":"https:\/\/digmit.at\/index.php\/wp-json\/wp\/v2\/users\/2"}],"replies":[{"embeddable":true,"href":"https:\/\/digmit.at\/index.php\/wp-json\/wp\/v2\/comments?post=4231"}],"version-history":[{"count":3,"href":"https:\/\/digmit.at\/index.php\/wp-json\/wp\/v2\/pages\/4231\/revisions"}],"predecessor-version":[{"id":4582,"href":"https:\/\/digmit.at\/index.php\/wp-json\/wp\/v2\/pages\/4231\/revisions\/4582"}],"wp:attachment":[{"href":"https:\/\/digmit.at\/index.php\/wp-json\/wp\/v2\/media?parent=4231"}],"curies":[{"name":"wp","href":"https:\/\/api.w.org\/{rel}","templated":true}]}}